{"id":840,"date":"2024-11-14T23:49:12","date_gmt":"2024-11-14T22:49:12","guid":{"rendered":"https:\/\/consultoresfb.com\/?page_id=840"},"modified":"2025-11-14T14:35:58","modified_gmt":"2025-11-14T13:35:58","slug":"politica-de-privacidad","status":"publish","type":"page","link":"https:\/\/consultoresfb.com\/index.php\/politica-de-privacidad\/","title":{"rendered":"POL\u00cdTICA DE PRIVACIDAD"},"content":{"rendered":"\t\t<div data-elementor-type=\"wp-page\" data-elementor-id=\"840\" class=\"elementor elementor-840\" data-elementor-post-type=\"page\">\n\t\t\t\t<div class=\"elementor-element elementor-element-d1b884a e-flex e-con-boxed e-con e-parent\" data-id=\"d1b884a\" data-element_type=\"container\">\n\t\t\t\t\t<div class=\"e-con-inner\">\n\t\t\t\t<div class=\"elementor-element elementor-element-2c711402 elementor-widget elementor-widget-text-editor\" data-id=\"2c711402\" data-element_type=\"widget\" data-widget_type=\"text-editor.default\">\n\t\t\t\t<div class=\"elementor-widget-container\">\n\t\t\t\t\t\t\t\t\t<p><strong>POL\u00cdTICA DE PRIVACIDAD<\/strong><\/p>\n<p>Ante su inquietud de acceder a nuestra p\u00e1gina web, queremos informarle de nuestra Pol\u00edtica de Privacidad actualizada y del destino ofrecido a los datos personales que nos facilita, incluyendo aquellos que recabamos por el hecho de navegar en nuestra web.<\/p>\n<h1><strong>1.\u00a0\u00a0\u00a0\u00a0\u00a0\u00a0\u00a0\u00a0\u00a0\u00a0\u00a0\u00a0\u00a0 <\/strong><strong>Identificaci\u00f3n del responsable<\/strong><\/h1>\n<ul>\n<li><strong>Titular: <\/strong>Fuentes Bueso Consultores Executive Search S.L. (en adelante, \u201c<strong>F&amp;B Consultores<\/strong>\u201d);<\/li>\n<\/ul>\n<p>\u00a0<\/p>\n<ul>\n<li><strong>Domicilio social: <\/strong>Calle Castell\u00f3 48, 28001, Madrid;<\/li>\n<\/ul>\n<p>\u00a0<\/p>\n<ul>\n<li><strong>I.F.:<\/strong> B84234095;<\/li>\n<\/ul>\n<p>\u00a0<\/p>\n<ul>\n<li><strong>Registro P\u00fablico: <\/strong>Mercantil de Madrid, Tomo 20610, Folio 171, Secci\u00f3n 8, Hoja 364874;<\/li>\n<\/ul>\n<p>\u00a0<\/p>\n<ul>\n<li><strong>E-mail<\/strong>: research@consultoresfb.com<\/li>\n<\/ul>\n<p>\u00a0<\/p>\n<h1><strong>2.\u00a0\u00a0\u00a0\u00a0\u00a0\u00a0\u00a0\u00a0\u00a0\u00a0\u00a0\u00a0\u00a0 <\/strong><strong>Informaci\u00f3n y consentimiento<\/strong><\/h1>\n<p>De conformidad con lo dispuesto en el Reglamento General UE 679\/2016 de Protecci\u00f3n de Datos (en adelante, \u201c<strong>RGPD<\/strong>\u201d) y en la Ley Org\u00e1nica 3\/2018, de 5 de diciembre, de Protecci\u00f3n de Datos y Garant\u00eda de los Derechos Digitales (en adelante, \u201c<strong>LOPDGDD<\/strong>\u201d) mediante la aceptacio\u0301n de la presente Pol\u00edtica de Privacidad el usuario web (en adelante, el \u201c<strong>Usuario<\/strong>\u201d) <strong>PRESTA SU CONSENTIMIENTO <\/strong>informado, expreso, libre e inequi\u0301voco para tratar los datos personales recabados a trave\u0301s del sitio web https:\/\/consultoresfb.com\/ (en adelante, el \u201c<strong>Sitio Web<\/strong>\u201d) ya sea trave\u0301s de formularios habilitados al efecto o bien a trave\u0301s de la informacio\u0301n recabada por las cookies.<\/p>\n<p>Asimismo, el Usuario consiente que estos datos sean tratados por F&amp;B Consultores para prestar sus servicios aplicando las medidas organizativas y de seguridad requeridas por el RGPD.<\/p>\n<p>Todos los datos personales solicitados al Usuario en el Sitio Web son obligatorios, no siendo posible prestar cada uno de los servicios sin el correspondiente tratamiento de datos por parte de F&amp;B Consultores. Ello, no obstante, la navegaci\u00f3n en el Sitio Web es libre y gratuita.<\/p>\n<p>El Usuario garantiza que los datos personales facilitados a F&amp;B Consultores son ciertos y exactos, por lo que F&amp;B Consultores no se hara\u0301 responsable de cualquier incidencia derivada de la inexactitud o falsedad de la informacio\u0301n proporcionada por los Usuarios, ma\u0301s alla\u0301 de la posibilidad que tiene el Usuario de ejercitar su derecho de rectificacio\u0301n.<\/p>\n<p>En el caso que el Usuario facilite datos de terceras personas, como responsable o encargado del tratamiento, sera\u0301 responsable de cumplir con toda la normativa de proteccio\u0301n de datos aplicable. Adema\u0301s, el Usuario garantiza que ha obtenido todos los consentimientos, autorizaciones y\/o aprobaciones legalmente necesarias antes de incluir datos personales de terceros en el Sitio Web.<\/p>\n<p>\u00a0<\/p>\n<h1><strong>3.\u00a0 \u00a0 \u00a0 \u00a0 \u00a0 \u00a0 \u00a0<\/strong><strong>Procedencia, finalidad y base juri\u0301dica<\/strong><\/h1>\n<p>Los datos personales del Usuario, o de terceros, que sean cedidos por el Usuario, ser\u00e1n tratados de forma confidencial y quedar\u00e1n incorporados a la correspondiente actividad de tratamiento de F&amp;B Consultores.<\/p>\n<p>Las actividades del tratamiento llevadas a cabo por F&amp;B Consultores son la siguientes:<\/p>\n<p>\u00a0<\/p>\n<table>\n<tbody>\n<tr>\n<td colspan=\"2\" width=\"566\">\n<p><strong>ACTIVIDAD: CONTACTO VIA FORMULARIO O EMAIL<\/strong><\/p>\n<\/td>\n<\/tr>\n<tr>\n<td width=\"283\">\n<p>PROCEDENCIA<\/p>\n<\/td>\n<td width=\"283\">\n<p>Del propio Usuario a trave\u0301s del formulario de contacto o mediante el envi\u0301o de correos electro\u0301nicos a la direccio\u0301n indicada en el Sitio Web.<\/p>\n<\/td>\n<\/tr>\n<tr>\n<td width=\"283\">\n<p>BASE JUR\u00cdDICA<\/p>\n<\/td>\n<td width=\"283\">\n<p>Reglamento General de Proteccio\u0301n de Datos, en particular:<\/p>\n<p>\u25aa Art. 6.1.a): consentimiento del Usuario para uno o varios fines especi\u0301ficos.<\/p>\n<\/td>\n<\/tr>\n<tr>\n<td width=\"283\">\n<p>FINES TRATAMIENTO<\/p>\n<\/td>\n<td width=\"283\">\n<p>Atender y responder las consultas solicitadas por el Usuario.<\/p>\n<\/td>\n<\/tr>\n<tr>\n<td width=\"283\">\n<p>COLECTIVO<\/p>\n<\/td>\n<td width=\"283\">\n<p>Personas fi\u0301sicas, incluidas las representantes de personas juri\u0301dicas, usuarios del Sitio Web.<\/p>\n<\/td>\n<\/tr>\n<tr>\n<td width=\"283\">\n<p>CATEGOR\u00cdA DE DATOS<\/p>\n<\/td>\n<td width=\"283\">\n<p>Nombre y apellidos, correo electro\u0301nico y tel\u00e9fono, asi\u0301 como el resto de datos que el propio Usuario indique en el cuerpo del mensaje.<\/p>\n<\/td>\n<\/tr>\n<tr>\n<td width=\"283\">\n<p>DESTINATARIOS<\/p>\n<\/td>\n<td width=\"283\">\n<p>No esta\u0301 prevista la cesio\u0301n de datos a terceros, salvo obligacio\u0301n legal o previo consentimiento inequi\u0301voco e informado del Usuario.<\/p>\n<\/td>\n<\/tr>\n<tr>\n<td width=\"283\">\n<p>TRANSFERENCIA INTERNACIONAL<\/p>\n<\/td>\n<td width=\"283\">\n<p>No esta\u0301 prevista la transferencia internacional de datos.<\/p>\n<\/td>\n<\/tr>\n<tr>\n<td width=\"283\">\n<p>PLAZOS DE CONSERVACI\u00d3N<\/p>\n<\/td>\n<td width=\"283\">\n<p>Los datos sera\u0301n conservados durante el plazo estrictamente necesario para cumplir con el fin para el cual fueron recabados. En cualquier caso, el plazo ma\u0301ximo de conservacio\u0301n sera\u0301 de 1 an\u0303o.<\/p>\n<\/td>\n<\/tr>\n<\/tbody>\n<\/table>\n<p>\u00a0<\/p>\n<table>\n<tbody>\n<tr>\n<td colspan=\"2\" width=\"566\">\n<p><strong>ACTIVIDAD: RECEPCI\u00d3N DE CV Y POTENCIALES EMPLEADOS<\/strong><\/p>\n<\/td>\n<\/tr>\n<tr>\n<td width=\"283\">\n<p>PROCEDENCIA<\/p>\n<\/td>\n<td width=\"283\">\n<p>Del propio Usuario a trave\u0301s del formulario de candidatos disponible en el Sitio Web.<\/p>\n<\/td>\n<\/tr>\n<tr>\n<td width=\"283\">\n<p>BASE JUR\u00cdDICA<\/p>\n<\/td>\n<td width=\"283\">\n<p>Reglamento General de Proteccio\u0301n de Datos, en particular:<\/p>\n<p>\u25aa Art. 6.1.b): ejecuci\u00f3n de un contrato o para la aplicaci\u00f3n de medidas precontractuales.<\/p>\n<\/td>\n<\/tr>\n<tr>\n<td width=\"283\">\n<p>FINES TRATAMIENTO<\/p>\n<\/td>\n<td width=\"283\">\n<p>Obtener la informaci\u00f3n necesaria para gestionar el proceso de selecci\u00f3n de personal.<\/p>\n<\/td>\n<\/tr>\n<tr>\n<td width=\"283\">\n<p>COLECTIVO<\/p>\n<\/td>\n<td width=\"283\">\n<p>Personas fi\u0301sicas usuarios del Sitio Web.<\/p>\n<\/td>\n<\/tr>\n<tr>\n<td width=\"283\">\n<p>CATEGOR\u00cdA DE DATOS<\/p>\n<\/td>\n<td width=\"283\">\n<p>Nombre y apellidos, correo electr\u00f3nico, n\u00famero de tel\u00e9fono, as\u00ed como el \u00e1rea de trabajo, sector, posici\u00f3n, experiencia laboral, motivo de solicitud de empleo, enlace a la red social LinkedIn y curr\u00edculum vitae.<\/p>\n<\/td>\n<\/tr>\n<tr>\n<td width=\"283\">\n<p>DESTINATARIOS<\/p>\n<\/td>\n<td width=\"283\">\n<p>En este caso, la especial particularidad es que los candidatos deben aceptar que se enviar\u00e1 su CV a terceros con el objetivo de que puedan ser valorados.<\/p>\n<\/td>\n<\/tr>\n<tr>\n<td width=\"283\">\n<p>TRANSFERENCIA INTERNACIONAL<\/p>\n<\/td>\n<td width=\"283\">\n<p>No esta\u0301 prevista la transferencia internacional de datos.<\/p>\n<\/td>\n<\/tr>\n<tr>\n<td width=\"283\">\n<p>PLAZOS DE CONSERVACI\u00d3N<\/p>\n<\/td>\n<td width=\"283\">\n<p>Los datos sera\u0301n conservados durante el plazo estrictamente necesario para cumplir con el fin para el cual fueron recabados. En cualquier caso, el plazo ma\u0301ximo de conservacio\u0301n sera\u0301 de 1 an\u0303o.<\/p>\n<\/td>\n<\/tr>\n<\/tbody>\n<\/table>\n<p>\u00a0<\/p>\n<h1><strong>4.\u00a0 <\/strong><strong>Datos del Usuario<\/strong><\/h1>\n<p>El Usuario garantiza que los datos aportados son verdaderos, exactos, completos y actualizados, siendo este responsable de cualquier da\u00f1o o perjuicio, directo o indirecto, que pudiera ocasionarse como consecuencia del incumplimiento de tal obligaci\u00f3n, m\u00e1s all\u00e1 de la posibilidad que tiene el Usuario de ejercitar su derecho de rectificaci\u00f3n.<\/p>\n<p>\u00a0<\/p>\n<p>En el caso de que los datos aportados pertenecieran a un tercero, el Usuario garantiza que ha informado a dicho tercero de los aspectos contenidos en este documento y obtenido su autorizaci\u00f3n para facilitar sus datos al responsable para los fines anteriormente se\u00f1alados.<\/p>\n<p>F&amp;B Consultores no puede garantizar la absoluta invulnerabilidad de los sistemas, por tanto, no asume ninguna responsabilidad por los da\u00f1os y perjuicios derivados de alteraciones que terceros puedan causar en los sistemas inform\u00e1ticos, documentos electr\u00f3nicos o ficheros.<\/p>\n<h1><strong>5.\u00a0\u00a0\u00a0\u00a0\u00a0\u00a0\u00a0\u00a0\u00a0\u00a0\u00a0\u00a0\u00a0 <\/strong><strong>Poli\u0301tica de Cookies<\/strong><\/h1>\n<p>De conformidad con lo dispuesto por el RGPD y la Ley 34\/2002, de Servicios de la Sociedad de la Informaci\u00f3n, todos los datos de car\u00e1cter personal obtenidos mediante las cookies durante la utilizacio\u0301n del Sitio Web sera\u0301n tratados de conformidad con los dispuesto en la Poli\u0301tica de Cookies.<\/p>\n<p>\u00a0<\/p>\n<h1><strong>6.\u00a0\u00a0\u00a0\u00a0\u00a0\u00a0\u00a0\u00a0\u00a0\u00a0\u00a0\u00a0\u00a0 <\/strong><strong>Ejercicio de derechos<\/strong><\/h1>\n<p>De conformidad con lo dispuesto en el RGPD, le informamos que puede ejercer sus derechos de <strong>acceso, rectificacio\u0301n, supresio\u0301n, oposicio\u0301n<\/strong>, <strong>portabilidad de los datos <\/strong>y <strong>limitacio\u0301n del tratamiento <\/strong>directamente ante F&amp;B Consultores.<\/p>\n<p>\u00a0<\/p>\n<p>Para facilitar el ejercicio de dichos derechos, el Usuario podra\u0301 enviar un mensaje al efecto, indicando nombre, apellidos, email, nu\u0301mero de DNI o pasaporte, a la siguiente direccio\u0301n de correo electro\u0301nico: research@consultoresfb.com<\/p>\n<p>El Usuario tambie\u0301n podra\u0301 ejercer sus derechos mediante la presentacio\u0301n de una reclamacio\u0301n ante la Agencia Espan\u0303ola de Proteccio\u0301n de Datos.<\/p>\n<p>\u00a0<\/p>\n<h1><strong>7.\u00a0\u00a0\u00a0\u00a0\u00a0\u00a0\u00a0\u00a0\u00a0\u00a0\u00a0\u00a0\u00a0 <\/strong><strong>Aceptacio\u0301n de la Poli\u0301tica de Privacidad<\/strong><\/h1>\n<p>El Usuario <strong>RECONOCE Y ACEPTA HABER LEI\u0301DO Y COMPRENDIDO<\/strong> la presente Poli\u0301tica de Privacidad cuyo contenido constituye la totalidad del acuerdo entre el Usuario y F&amp;B Consultores con respecto al uso y tratamiento de su informacio\u0301n personal.<\/p>\n<p>El Usuario expresamente acepta obligarse en los te\u0301rminos de la presente Poli\u0301tica de Privacidad, en toda su extensio\u0301n y alcance, sin exceptuar cualquiera de sus disposiciones.<\/p>\n<p><strong>\u00a9 <\/strong><strong>2025 Fuentes Bueso Consultores Executive Search, S.L.<\/strong><strong> Todos los derechos reservados<\/strong><\/p>\t\t\t\t\t\t\t\t<\/div>\n\t\t\t\t<\/div>\n\t\t\t\t\t<\/div>\n\t\t\t\t<\/div>\n\t\t\t\t<\/div>\n\t\t","protected":false},"excerpt":{"rendered":"<p>POL\u00cdTICA DE PRIVACIDAD Ante su inquietud de acceder a nuestra p\u00e1gina web, queremos informarle de nuestra Pol\u00edtica de Privacidad actualizada y del destino ofrecido a los datos personales que nos facilita, incluyendo aquellos que recabamos por el hecho de navegar en nuestra web. 1.\u00a0\u00a0\u00a0\u00a0\u00a0\u00a0\u00a0\u00a0\u00a0\u00a0\u00a0\u00a0\u00a0 Identificaci\u00f3n del responsable Titular: Fuentes Bueso Consultores Executive Search S.L. (en [&hellip;]<\/p>\n","protected":false},"author":1,"featured_media":0,"parent":0,"menu_order":0,"comment_status":"closed","ping_status":"open","template":"elementor_header_footer","meta":{"footnotes":""},"class_list":["post-840","page","type-page","status-publish","hentry"],"_links":{"self":[{"href":"https:\/\/consultoresfb.com\/index.php\/wp-json\/wp\/v2\/pages\/840","targetHints":{"allow":["GET"]}}],"collection":[{"href":"https:\/\/consultoresfb.com\/index.php\/wp-json\/wp\/v2\/pages"}],"about":[{"href":"https:\/\/consultoresfb.com\/index.php\/wp-json\/wp\/v2\/types\/page"}],"author":[{"embeddable":true,"href":"https:\/\/consultoresfb.com\/index.php\/wp-json\/wp\/v2\/users\/1"}],"replies":[{"embeddable":true,"href":"https:\/\/consultoresfb.com\/index.php\/wp-json\/wp\/v2\/comments?post=840"}],"version-history":[{"count":4,"href":"https:\/\/consultoresfb.com\/index.php\/wp-json\/wp\/v2\/pages\/840\/revisions"}],"predecessor-version":[{"id":17752,"href":"https:\/\/consultoresfb.com\/index.php\/wp-json\/wp\/v2\/pages\/840\/revisions\/17752"}],"wp:attachment":[{"href":"https:\/\/consultoresfb.com\/index.php\/wp-json\/wp\/v2\/media?parent=840"}],"curies":[{"name":"wp","href":"https:\/\/api.w.org\/{rel}","templated":true}]}}